{"id":678,"date":"2018-09-23T16:35:52","date_gmt":"2018-09-23T13:35:52","guid":{"rendered":"http:\/\/cover.fi\/?page_id=678"},"modified":"2025-03-14T09:34:57","modified_gmt":"2025-03-14T07:34:57","slug":"solskyddsgardiner","status":"publish","type":"page","link":"https:\/\/www.coverlasitus.fi\/sv\/produkter\/solskyddsgardiner\/","title":{"rendered":"Solskyddsgardiner"},"content":{"rendered":"<div class=\"wpb-content-wrapper\">[mk_page_section bg_image=&#8221;https:\/\/cover.fi\/wp-content\/uploads\/2018\/09\/aurinkosuojaverhot-hero.jpg&#8221; bg_position=&#8221;center center&#8221; bg_repeat=&#8221;no-repeat&#8221; bg_stretch=&#8221;true&#8221; enable_3d=&#8221;true&#8221; min_height=&#8221;450&#8243; full_width=&#8221;true&#8221; padding_top=&#8221;0&#8243; padding_bottom=&#8221;40&#8243; sidebar=&#8221;sidebar-1&#8243;][vc_column][\/vc_column][\/mk_page_section][vc_row][vc_column width=&#8221;1\/6&#8243;][\/vc_column][vc_column width=&#8221;2\/3&#8243;][mk_padding_divider][vc_column_text css=&#8221;.vc_custom_1533285382029{margin-bottom: 0px !important;}&#8221;]\n<h1 style=\"text-align: center;\">Solskyddsgardiner<\/h1>\n<h3 style=\"text-align: center;\">En helhet med perfekt finish<br \/>\nMed solskyddsgardiner skapar du tillsammans med de \u00f6vriga textilierna och m\u00f6blerna p\u00e5 din glasterrass en stilig och harmonisk helhetsinredning. Du kan v\u00e4lja mellan m\u00e5nga olika f\u00e4rg- och tygalternativ. Dessutom kan du ocks\u00e5 v\u00e4lja tygets ljusgenomsl\u00e4pplighet, fr\u00e5n mycket genomsl\u00e4ppligt till en fullst\u00e4ndigt f\u00f6rm\u00f6rkande l\u00f6sning. Valet \u00e4r ditt!<\/h3>\n[\/vc_column_text][mk_padding_divider][\/vc_column][vc_column width=&#8221;1\/6&#8243;][\/vc_column][\/vc_row][vc_row equal_columns=&#8221;true&#8221; attached=&#8221;true&#8221; css=&#8221;.vc_custom_1530091442087{margin-bottom: 0px !important;border-bottom-width: 0px !important;padding-bottom: 0px !important;}&#8221; el_class=&#8221;rivi&#8221;][vc_column width=&#8221;1\/2&#8243; css=&#8221;.vc_custom_1530089966823{padding-top: 0px !important;padding-right: 0px !important;padding-bottom: 0px !important;padding-left: 0px !important;}&#8221;][mk_image src=&#8221;https:\/\/www.coverlasitus.fi\/wp-content\/uploads\/2025\/03\/aurinkosuojaverhot.jpg&#8221; image_size=&#8221;full&#8221; el_class=&#8221;tuotefiilis&#8221;][\/vc_column][vc_column width=&#8221;1\/2&#8243; css=&#8221;.vc_custom_1530089975080{padding-top: 0px !important;padding-right: 20px !important;padding-bottom: 0px !important;padding-left: 0px !important;}&#8221;][mk_padding_divider size=&#8221;15&#8243;][vc_column_text el_class=&#8221;tekstilaatikko&#8221; css=&#8221;.vc_custom_1741937589935{margin-bottom: 0px !important;padding-right: 25px !important;padding-left: 25px !important;}&#8221;]Varf\u00f6r solskyddsgardiner?<\/p>\n<p>Med solskyddsgardinerna av pliss\u00e9-typ, som \u00e4r tillverkade av h\u00f6gkvalitativa material och objektspecifikt anpassade, f\u00f6rb\u00e4ttrar du skyddet av privatsf\u00e4ren p\u00e5 terrassen och kan justera v\u00e4rmen och m\u00e4ngden direkt solljus.<\/p>\n<p>Solskyddsgardinerna kan i det raml\u00f6sa COVER-inglasningssystemet integreras f\u00f6r de enskilda glaspanelerna. P\u00e5 detta s\u00e4tt kan gardinernas estetik och anv\u00e4ndbarheten tillsammans med inglasningssystemet maximeras och gardinerna beh\u00f6ver inte monteras p\u00e5 strukturerna som omger inglasningssystemet.[\/vc_column_text][\/vc_column][\/vc_row][vc_row equal_columns=&#8221;true&#8221; attached=&#8221;true&#8221; el_class=&#8221;rivi&#8221;][vc_column width=&#8221;1\/2&#8243; css=&#8221;.vc_custom_1530089835274{padding-left: 20px !important;}&#8221;][mk_padding_divider size=&#8221;15&#8243;][vc_column_text el_class=&#8221;tekstilaatikko&#8221; css=&#8221;.vc_custom_1741937695207{margin-bottom: 0px !important;padding-right: 25px !important;padding-left: 25px !important;}&#8221;]Solskyddsgardinerna kan integreras i det raml\u00f6sa COVER-inglasningssystemet f\u00f6r de enskilda glaspanelerna. P\u00e5 detta s\u00e4tt maximeras gardinernas estetik och anv\u00e4ndbarheten och gardinerna beh\u00f6ver inte monteras p\u00e5 strukturerna som omger inglasningssystemet.<\/p>\n<p>De h\u00f6gkvalitativa solskyddsgardinerna tillverkas av Visor Ltd.[\/vc_column_text][mk_image src=&#8221;https:\/\/www.coverlasitus.fi\/wp-content\/uploads\/2025\/03\/visor-logo.png&#8221; image_size=&#8221;medium&#8221; el_class=&#8221;tuotefiilis&#8221;][\/vc_column][vc_column width=&#8221;1\/2&#8243;][vc_video link=&#8221;https:\/\/www.youtube.com\/watch?v=NSo_Sp2fZPw&#8221;][mk_padding_divider size=&#8221;15&#8243;][\/vc_column][\/vc_row][vc_row equal_columns=&#8221;true&#8221; attached=&#8221;true&#8221; el_class=&#8221;rivi&#8221;][vc_column width=&#8221;1\/2&#8243;][\/vc_column][vc_column width=&#8221;1\/2&#8243; css=&#8221;.vc_custom_1530089835274{padding-left: 20px !important;}&#8221;][\/vc_column][\/vc_row][mk_page_section full_width=&#8221;true&#8221; js_vertical_centered=&#8221;true&#8221; padding_top=&#8221;30&#8243; padding_bottom=&#8221;0&#8243; top_shape_size=&#8221;small&#8221; top_shape_color=&#8221;#ffffff&#8221; top_shape_bg_color=&#8221;#dd3333&#8243; sidebar=&#8221;sidebar-1&#8243;][vc_column][rev_slider_vc alias=&#8221;aurinkosuojaverhot&#8221;][\/vc_column][\/mk_page_section]\n<\/div>","protected":false},"excerpt":{"rendered":"<p>[mk_page_section bg_image=&#8221;https:\/\/cover.fi\/wp-content\/uploads\/2018\/09\/aurinkosuojaverhot-hero.jpg&#8221; bg_position=&#8221;center center&#8221; bg_repeat=&#8221;no-repeat&#8221; bg_stretch=&#8221;true&#8221; enable_3d=&#8221;true&#8221; min_height=&#8221;450&#8243; full_width=&#8221;true&#8221; padding_top=&#8221;0&#8243; padding_bottom=&#8221;40&#8243; sidebar=&#8221;sidebar-1&#8243;][vc_column][\/vc_column][\/mk_page_section][vc_row][vc_column width=&#8221;1\/6&#8243;][\/vc_column][vc_column width=&#8221;2\/3&#8243;][mk_padding_divider][vc_column_text css=&#8221;.vc_custom_1533285382029{margin-bottom: 0px !important;}&#8221;] Solskyddsgardiner En helhet med perfekt finish Med solskyddsgardiner skapar du tillsammans med de \u00f6vriga textilierna och m\u00f6blerna p\u00e5 din glasterrass en stilig och harmonisk helhetsinredning. Du kan v\u00e4lja mellan m\u00e5nga olika f\u00e4rg- och tygalternativ. Dessutom kan du ocks\u00e5 [&hellip;]<\/p>\n","protected":false},"author":1,"featured_media":0,"parent":668,"menu_order":0,"comment_status":"closed","ping_status":"closed","template":"","meta":{"footnotes":""},"class_list":["post-678","page","type-page","status-publish","hentry"],"_links":{"self":[{"href":"https:\/\/www.coverlasitus.fi\/sv\/wp-json\/wp\/v2\/pages\/678","targetHints":{"allow":["GET"]}}],"collection":[{"href":"https:\/\/www.coverlasitus.fi\/sv\/wp-json\/wp\/v2\/pages"}],"about":[{"href":"https:\/\/www.coverlasitus.fi\/sv\/wp-json\/wp\/v2\/types\/page"}],"author":[{"embeddable":true,"href":"https:\/\/www.coverlasitus.fi\/sv\/wp-json\/wp\/v2\/users\/1"}],"replies":[{"embeddable":true,"href":"https:\/\/www.coverlasitus.fi\/sv\/wp-json\/wp\/v2\/comments?post=678"}],"version-history":[{"count":5,"href":"https:\/\/www.coverlasitus.fi\/sv\/wp-json\/wp\/v2\/pages\/678\/revisions"}],"predecessor-version":[{"id":2917,"href":"https:\/\/www.coverlasitus.fi\/sv\/wp-json\/wp\/v2\/pages\/678\/revisions\/2917"}],"up":[{"embeddable":true,"href":"https:\/\/www.coverlasitus.fi\/sv\/wp-json\/wp\/v2\/pages\/668"}],"wp:attachment":[{"href":"https:\/\/www.coverlasitus.fi\/sv\/wp-json\/wp\/v2\/media?parent=678"}],"curies":[{"name":"wp","href":"https:\/\/api.w.org\/{rel}","templated":true}]}}